{"id":923,"date":"2018-12-27T19:08:56","date_gmt":"2018-12-27T19:08:56","guid":{"rendered":"https:\/\/carmosresidence.com\/the-region\/a-historia\/"},"modified":"2021-06-14T11:57:36","modified_gmt":"2021-06-14T11:57:36","slug":"the-history","status":"publish","type":"page","link":"https:\/\/carmosresidence.com\/en\/the-region\/the-history\/","title":{"rendered":"The History"},"content":{"rendered":"<p>[et_pb_section bb_built=&#8221;1&#8243; admin_label=&#8221;Header&#8221; _builder_version=&#8221;3.18.7&#8243; use_background_color_gradient=&#8221;on&#8221; background_color_gradient_start=&#8221;rgba(255,255,255,0.89)&#8221; background_color_gradient_end=&#8221;rgba(255,255,255,0)&#8221; background_color_gradient_type=&#8221;radial&#8221; background_color_gradient_direction_radial=&#8221;top left&#8221; background_color_gradient_start_position=&#8221;30%&#8221; background_color_gradient_end_position=&#8221;80%&#8221; background_color_gradient_overlays_image=&#8221;on&#8221; background_image=&#8221;https:\/\/carmosresidence.com\/wp-content\/uploads\/2019\/01\/regiaohistoriaH1.jpg&#8221; custom_margin=&#8221;|||&#8221; custom_padding=&#8221;84px|0px|0|0px|false|false&#8221; next_background_color=&#8221;#ffffff&#8221;][et_pb_row custom_padding=&#8221;27px|0px|0|0px|false|false&#8221; _builder_version=&#8221;3.13&#8243;][et_pb_column type=&#8221;4_4&#8243;][et_pb_text _builder_version=&#8221;3.18.7&#8243; header_font=&#8221;Raleway|700|||||||&#8221; header_font_size=&#8221;80px&#8221; header_font_size_tablet=&#8221;48px&#8221; header_font_size_phone=&#8221;32px&#8221; header_font_size_last_edited=&#8221;on|phone&#8221; header_5_font=&#8221;Raleway|700|||||||&#8221; header_5_text_color=&#8221;#000000&#8243; header_5_font_size=&#8221;22px&#8221; header_5_font_size_tablet=&#8221;14px&#8221; header_5_font_size_phone=&#8221;12px&#8221; header_5_font_size_last_edited=&#8221;on|desktop&#8221; header_5_letter_spacing=&#8221;0.1em&#8221; header_5_line_height=&#8221;2em&#8221; header_6_font=&#8221;Raleway|600|||||||&#8221; header_6_font_size=&#8221;16px&#8221; header_6_letter_spacing=&#8221;1px&#8221; animation_style=&#8221;zoom&#8221; animation_intensity_zoom=&#8221;5%&#8221;]<\/p>\n<h1>The Region<\/h1>\n<h6>Palmela \/ Azeit\u00e3o \/ Troia \/ Sesimbra<\/h6>\n<h5>The History<\/h5>\n<p>[\/et_pb_text][\/et_pb_column][\/et_pb_row][et_pb_row use_custom_width=&#8221;on&#8221; width_unit=&#8221;off&#8221; custom_width_percent=&#8221;90%&#8221; use_custom_gutter=&#8221;on&#8221; gutter_width=&#8221;2&#8243; custom_padding=&#8221;56px|40px|56px|15vw|true|false&#8221; custom_padding_tablet=&#8221;|||10vw&#8221; custom_margin=&#8221;8vw||||false&#8221; make_equal=&#8221;on&#8221; custom_padding_last_edited=&#8221;on|desktop&#8221; padding_1_tablet=&#8221;40px|||&#8221; padding_2_tablet=&#8221;40px|||&#8221; padding_3_tablet=&#8221;40px|||&#8221; padding_4_tablet=&#8221;20px||20px||true&#8221; padding_1_phone=&#8221;20px|||&#8221; padding_2_phone=&#8221;20px|||&#8221; padding_3_phone=&#8221;20px|||&#8221; padding_1_last_edited=&#8221;off|desktop&#8221; padding_2_last_edited=&#8221;off|desktop&#8221; padding_3_last_edited=&#8221;off|desktop&#8221; padding_4_last_edited=&#8221;off|desktop&#8221; _builder_version=&#8221;3.18.7&#8243; background_color=&#8221;#ffffff&#8221; module_alignment=&#8221;left&#8221; animation_style=&#8221;slide&#8221; animation_direction=&#8221;left&#8221; animation_intensity_slide=&#8221;5%&#8221;][et_pb_column type=&#8221;1_4&#8243;][et_pb_blurb title=&#8221;The History&#8221; url=&#8221;https:\/\/carmosresidence.com\/en\/the-region\/the-history\/&#8221; image=&#8221;https:\/\/carmosresidence.com\/wp-content\/uploads\/2018\/12\/1Cblack.png&#8221; icon_placement=&#8221;left&#8221; _builder_version=&#8221;3.18.7&#8243; header_level=&#8221;h5&#8243; header_font=&#8221;Raleway|700|||||||&#8221; header_line_height=&#8221;1.1em&#8221; header_text_color__hover_enabled=&#8221;on&#8221; header_text_color__hover=&#8221;#e09900&#8243;]<\/p>\n<p>[\/et_pb_blurb][\/et_pb_column][et_pb_column type=&#8221;1_4&#8243;][et_pb_blurb title=&#8221;The Museums&#8221; url=&#8221;https:\/\/carmosresidence.com\/en\/the-region\/the-museums\/&#8221; image=&#8221;https:\/\/carmosresidence.com\/wp-content\/uploads\/2018\/12\/1Cblack.png&#8221; icon_placement=&#8221;left&#8221; _builder_version=&#8221;3.18.7&#8243; header_level=&#8221;h5&#8243; header_font=&#8221;Raleway|700|||||||&#8221; header_line_height=&#8221;1.1em&#8221; header_text_color__hover_enabled=&#8221;on&#8221; header_text_color__hover=&#8221;#e09900&#8243;]<\/p>\n<p>[\/et_pb_blurb][\/et_pb_column][et_pb_column type=&#8221;1_4&#8243;][et_pb_blurb title=&#8221;The Monuments&#8221; url=&#8221;https:\/\/carmosresidence.com\/en\/the-region\/the-monuments\/&#8221; image=&#8221;https:\/\/carmosresidence.com\/wp-content\/uploads\/2018\/12\/1Cblack.png&#8221; icon_placement=&#8221;left&#8221; _builder_version=&#8221;3.18.7&#8243; header_level=&#8221;h5&#8243; header_font=&#8221;Raleway|700|||||||&#8221; header_line_height=&#8221;1.1em&#8221; header_text_color__hover_enabled=&#8221;on&#8221; header_text_color__hover=&#8221;#e09900&#8243;]<\/p>\n<p>[\/et_pb_blurb][\/et_pb_column][et_pb_column type=&#8221;1_4&#8243;][et_pb_blurb title=&#8221;The Landscape&#8221; url=&#8221;https:\/\/carmosresidence.com\/en\/the-region\/the-landscape\/&#8221; image=&#8221;https:\/\/carmosresidence.com\/wp-content\/uploads\/2018\/12\/1Cblack.png&#8221; icon_placement=&#8221;left&#8221; _builder_version=&#8221;3.18.7&#8243; header_level=&#8221;h5&#8243; header_font=&#8221;Raleway|700|||||||&#8221; header_line_height=&#8221;1.1em&#8221; locked=&#8221;off&#8221; header_text_color__hover_enabled=&#8221;on&#8221; header_text_color__hover=&#8221;#e09900&#8243;]<\/p>\n<p>[\/et_pb_blurb][\/et_pb_column][\/et_pb_row][\/et_pb_section][et_pb_section bb_built=&#8221;1&#8243; disabled_on=&#8221;off|off|&#8221; _builder_version=&#8221;3.18.7&#8243; custom_padding=&#8221;0|0px|0|0px|false|false&#8221; prev_background_color=&#8221;#000000&#8243; next_background_color=&#8221;#000000&#8243;][et_pb_row custom_padding=&#8221;27px|0px|0|0px|false|false&#8221; _builder_version=&#8221;3.0.48&#8243; background_size=&#8221;initial&#8221; background_position=&#8221;top_left&#8221; background_repeat=&#8221;repeat&#8221;][et_pb_column type=&#8221;1_2&#8243;][et_pb_image src=&#8221;https:\/\/carmosresidence.com\/wp-content\/uploads\/2019\/01\/regiaohistoriaV2.jpg&#8221; _builder_version=&#8221;3.18.7&#8243;]<\/p>\n<p>[\/et_pb_image][\/et_pb_column][et_pb_column type=&#8221;1_2&#8243;][et_pb_text _builder_version=&#8221;3.18.7&#8243; text_font=&#8221;||||||||&#8221; text_font_size=&#8221;16px&#8221; text_line_height=&#8221;2em&#8221; header_font=&#8221;||||||||&#8221; header_2_font=&#8221;Raleway|700|||||||&#8221; header_2_font_size=&#8221;50px&#8221; header_2_font_size_tablet=&#8221;35px&#8221; header_2_font_size_phone=&#8221;25px&#8221; header_2_font_size_last_edited=&#8221;on|phone&#8221; header_2_line_height=&#8221;1.2em&#8221; header_6_font=&#8221;Raleway|700||on|||||&#8221; header_6_font_size=&#8221;16px&#8221; header_6_letter_spacing=&#8221;5px&#8221; header_6_line_height=&#8221;1.8em&#8221; text_orientation=&#8221;center&#8221; max_width=&#8221;700px&#8221; module_alignment=&#8221;center&#8221;]<\/p>\n<h2>The History<\/h2>\n<p>[\/et_pb_text][et_pb_text _builder_version=&#8221;3.18.7&#8243; text_font_size=&#8221;15px&#8221; text_font_size_phone=&#8221;14px&#8221; text_font_size_last_edited=&#8221;on|phone&#8221; text_line_height=&#8221;1.5em&#8221; ul_line_height=&#8221;2em&#8221; header_font=&#8221;||||||||&#8221; header_3_font=&#8221;Raleway|700|||||||&#8221; header_3_font_size=&#8221;32px&#8221; header_3_font_size_tablet=&#8221;35px&#8221; header_3_font_size_phone=&#8221;25px&#8221; header_3_font_size_last_edited=&#8221;on|phone&#8221; header_3_letter_spacing=&#8221;1px&#8221; header_3_line_height=&#8221;1.4em&#8221; header_5_text_color=&#8221;#939599&#8243; header_5_font_size=&#8221;12px&#8221; header_5_line_height=&#8221;1.2em&#8221; custom_margin=&#8221;||&#8221; custom_padding=&#8221;||&#8221; inline_fonts=&#8221;Times New Roman&#8221;]<\/p>\n<h3 style=\"text-align: justify;\">Palmela<\/h3>\n<p style=\"text-align: justify;\">The human occupation of the Palmela region dates back to olden days.<\/p>\n<p style=\"text-align: justify;\">Data confirmed by archology revealed traces to the Palaeolithic period and to Roman, Islamic and medieval times.<\/p>\n<p style=\"text-align: justify;\">The history of the village is closely linked to the history of the Military Order of Santiago.<\/p>\n<p style=\"text-align: justify;\">The seat of this Military Order was only permanently fixed in Palmela in 1443, after the end of the Recapture, during the master&#8217;s degree of Prince John, son of King John I of Portugal.<\/p>\n<p style=\"text-align: justify;\">The location of the seat remained the same until the abolishment of the Religious Orders in 1834.<\/p>\n<p style=\"text-align: justify;\">\n<p>[\/et_pb_text][et_pb_divider color=&#8221;rgba(0,0,0,0.21)&#8221; _builder_version=&#8221;3.18.7&#8243; custom_margin=&#8221;||0px&#8221; custom_padding=&#8221;0px||0px&#8221; locked=&#8221;off&#8221;]<\/p>\n<p>[\/et_pb_divider][et_pb_text _builder_version=&#8221;3.18.7&#8243; text_font_size=&#8221;15px&#8221; text_font_size_phone=&#8221;14px&#8221; text_font_size_last_edited=&#8221;on|phone&#8221; text_line_height=&#8221;1.5em&#8221; ul_line_height=&#8221;2em&#8221; header_font=&#8221;||||||||&#8221; header_3_font=&#8221;Raleway|700|||||||&#8221; header_3_font_size=&#8221;32px&#8221; header_3_font_size_tablet=&#8221;35px&#8221; header_3_font_size_phone=&#8221;25px&#8221; header_3_font_size_last_edited=&#8221;on|phone&#8221; header_3_letter_spacing=&#8221;1px&#8221; header_3_line_height=&#8221;1.4em&#8221; header_5_text_color=&#8221;#939599&#8243; header_5_font_size=&#8221;12px&#8221; header_5_line_height=&#8221;1.2em&#8221; custom_margin=&#8221;||&#8221; custom_padding=&#8221;||&#8221; locked=&#8221;off&#8221; inline_fonts=&#8221;Times New Roman&#8221;]<\/p>\n<h3 style=\"text-align: justify;\">Azeit\u00e3o<\/h3>\n<p style=\"text-align: justify;\">Located on a beautiful, fertile region with pleasant weather conditions, as well as close to Lisbon, Azeit\u00e3o attracted high nobility that settled into their summer homes, palaces, manors and estates.<\/p>\n<p style=\"text-align: justify;\">In 1360, King Peter I of Portugal validated the privileges of the settlement.<\/p>\n<p style=\"text-align: justify;\">The town was considered a villa by King Joseph I of Portugal, Azeit\u00e3o (including S\u00e3o Louren\u00e7o and S\u00e3o Sim\u00e3o) had a life of their own until 1855, the year it became a part of the Set\u00fabal municipality.<\/p>\n<p style=\"text-align: justify;\">\n<p>[\/et_pb_text][\/et_pb_column][\/et_pb_row][\/et_pb_section][et_pb_section bb_built=&#8221;1&#8243; disabled_on=&#8221;off|off|off&#8221; _builder_version=&#8221;3.18.7&#8243; custom_padding=&#8221;0|0px|0|0px|false|false&#8221; prev_background_color=&#8221;#000000&#8243; next_background_color=&#8221;#000000&#8243; disabled=&#8221;off&#8221;][et_pb_row _builder_version=&#8221;3.0.48&#8243; background_size=&#8221;initial&#8221; background_position=&#8221;top_left&#8221; background_repeat=&#8221;repeat&#8221; custom_padding=&#8221;27px|0px|7px|0px|false|false&#8221;][et_pb_column type=&#8221;4_4&#8243;][et_pb_text _builder_version=&#8221;3.18.7&#8243; text_font_size=&#8221;15px&#8221; text_font_size_phone=&#8221;14px&#8221; text_font_size_last_edited=&#8221;on|phone&#8221; text_line_height=&#8221;1.5em&#8221; ul_line_height=&#8221;2em&#8221; header_3_font=&#8221;Raleway|700|||||||&#8221; header_3_font_size=&#8221;32px&#8221; header_3_font_size_tablet=&#8221;35px&#8221; header_3_font_size_phone=&#8221;25px&#8221; header_3_font_size_last_edited=&#8221;on|phone&#8221; header_3_letter_spacing=&#8221;1px&#8221; header_3_line_height=&#8221;1.4em&#8221; header_5_text_color=&#8221;#939599&#8243; header_5_font_size=&#8221;12px&#8221; header_5_line_height=&#8221;1.2em&#8221; custom_margin=&#8221;||&#8221; custom_padding=&#8221;||&#8221; locked=&#8221;off&#8221; inline_fonts=&#8221;Times New Roman&#8221;]<\/p>\n<h3 style=\"text-align: justify;\">Troia<\/h3>\n<p style=\"text-align: justify;\">This peninsula, encompassing more than 20 km, is separated from the city of Set\u00fabal by Sado&#8217;s estuary. Administratively linked to the Municipality of Gr\u00e2ndola, its history is inextricably connected to the city of the Rio Azul (blue river) and capital of the District. One of the reasons is that in both places you can find Roman remains that attest that both places were important centers of fish paste production, a delicacy then called garum, and exported to the whole empire, being appreciated by the elites of that time.<\/p>\n<p style=\"text-align: justify;\">Another social phenomenon that highlights this remote connection is the pilgrimage that the fishermen of Set\u00fabal make every year to the Nossa Senhora do Ros\u00e1rio de Troia chapel, which dates back more than five centuries and takes place between the 17th and 19th of August. This fishing tradition has had, throughout the centuries, a major role in the region, as evidenced by the large number of canning factories that existed in the first half of the 20th century, including one dedicated to manufacturing cetacean oil, which was captured near Cape Espichel and was very active during the 1920s.<\/p>\n<p style=\"text-align: justify;\">Whether or not Tr\u00f3ia matches the Acala island, mentioned in the book &#8220;Ora Maritima\u201d by Avienus, dating from the 4th century, is still the subject of speculation among scholars. Today we can admire the rehabilitation of the archaeological complex that well deserves a visit, not only for cultural reasons, but also for the magnificent landscapes that can be seen from there, both of the city of Set\u00fabal and the interior of the river&#8217;s estuary. The fascination for this very interesting set of ruins dates back to the time of Queen Maria I, and later also drew the attention of the Lusitanian Archaeological Society, which did several surveys and studies there.<br \/>Another place worth visiting, and unique in the national context, located in the municipality of Alc\u00e1cer do Sal (formerly Sal\u00e1cia, during Roman times), is the palace port of the fishing village of Carrasqueira.<\/p>\n<p style=\"text-align: justify;\">Troia is currently mainly sought-after for tourist reasons all year round. It has a casino, several modern hotels, apartments and houses for rent or purchase, a golf course and a magnificent beach lined and protected by rows of dunes covered by beautiful Mediterranean vegetation. It is widely used for holidays, weekends or professional meetings. It has magnificent restaurants and bars, as well as a modern congress center. Herdade da Comporta is also worth a visit, where the excellent rice produced there stands out, as well as the wine, with modern wine cellars where you can have wine tastings.<\/p>\n<p style=\"text-align: justify;\">It is accessible by boat or ferry boat from Set\u00fabal, or by road, either through Alc\u00e1cer do Sal, or through the road network that runs along the Costa Vicentina. You can practice several sports, including boat trips, where some companies offer, subject to prior reservation, either an unforgettable seafood meal on board, or dolphins and bird watching.<\/p>\n<p style=\"text-align: justify;\">\u00a0<\/p>\n<p>[\/et_pb_text][\/et_pb_column][\/et_pb_row][et_pb_row _builder_version=&#8221;3.0.48&#8243; background_size=&#8221;initial&#8221; background_position=&#8221;top_left&#8221; background_repeat=&#8221;repeat&#8221; custom_padding=&#8221;10px|0px|27px|0px|false|false&#8221;][et_pb_column type=&#8221;1_3&#8243;][et_pb_image src=&#8221;https:\/\/carmosresidence.com\/wp-content\/uploads\/2021\/06\/T1_IMG_8667.jpg&#8221; _builder_version=&#8221;3.18.7&#8243;]<\/p>\n<p>[\/et_pb_image][\/et_pb_column][et_pb_column type=&#8221;1_3&#8243;][et_pb_image src=&#8221;https:\/\/carmosresidence.com\/wp-content\/uploads\/2021\/06\/T2_IMG_8644.jpg&#8221; _builder_version=&#8221;3.18.7&#8243;]<\/p>\n<p>[\/et_pb_image][\/et_pb_column][et_pb_column type=&#8221;1_3&#8243;][et_pb_image src=&#8221;https:\/\/carmosresidence.com\/wp-content\/uploads\/2021\/06\/T3_IMG_8748.jpg&#8221; _builder_version=&#8221;3.18.7&#8243;]<\/p>\n<p>[\/et_pb_image][\/et_pb_column][\/et_pb_row][\/et_pb_section][et_pb_section bb_built=&#8221;1&#8243; disabled_on=&#8221;on|on|off&#8221; _builder_version=&#8221;3.18.7&#8243; custom_padding=&#8221;0|0px|0|0px|false|false&#8221; prev_background_color=&#8221;#000000&#8243; next_background_color=&#8221;#000000&#8243;][et_pb_row custom_padding=&#8221;27px|0px|58px|1px|false|false&#8221; _builder_version=&#8221;3.0.48&#8243; background_size=&#8221;initial&#8221; background_position=&#8221;top_left&#8221; background_repeat=&#8221;repeat&#8221;][et_pb_column type=&#8221;1_2&#8243;][et_pb_text _builder_version=&#8221;3.18.7&#8243; text_font_size=&#8221;15px&#8221; text_font_size_phone=&#8221;14px&#8221; text_font_size_last_edited=&#8221;on|phone&#8221; text_line_height=&#8221;1.5em&#8221; ul_line_height=&#8221;2em&#8221; header_font=&#8221;||||||||&#8221; header_3_font=&#8221;Raleway|700|||||||&#8221; header_3_font_size=&#8221;32px&#8221; header_3_font_size_tablet=&#8221;35px&#8221; header_3_font_size_phone=&#8221;25px&#8221; header_3_font_size_last_edited=&#8221;on|phone&#8221; header_3_letter_spacing=&#8221;1px&#8221; header_3_line_height=&#8221;1.4em&#8221; header_5_text_color=&#8221;#939599&#8243; header_5_font_size=&#8221;12px&#8221; header_5_line_height=&#8221;1.2em&#8221; custom_margin=&#8221;||&#8221; custom_padding=&#8221;||&#8221; locked=&#8221;off&#8221; inline_fonts=&#8221;Times New Roman&#8221;]<\/p>\n<h3 style=\"text-align: justify;\">Sesimbra<\/h3>\n<p style=\"text-align: justify;\">Sesimbra is a very old settlement located on the Nature Park of Arr\u00e1bida.<\/p>\n<p style=\"text-align: justify;\">Its occupation dates back to prehistoric times.<\/p>\n<p style=\"text-align: justify;\">It was conquered and reconquered, and only in 1199 did it receive free colonizers by the hand of King Sancho I of Portugal, who granted it a charter in 1201.<\/p>\n<p style=\"text-align: justify;\">During the 13th and 14th centuries, the fishing community settled close to the beach near the Ribeira de Sesimbra area.<\/p>\n<p style=\"text-align: justify;\">At the end of the 15th century, and first half of the 16th century, the riverside settlement developed as the main core, leaving behind the medieval village within the walls of the castle, a place that was progressively abandoned.<\/p>\n<p style=\"text-align: justify;\">Fishing, maritime trade and shipbuilding had a huge development alongside the urban growth.<\/p>\n<p style=\"text-align: justify;\">Sesimbra was integrated in the Military Order of Santiago territory in 1236, by King Sancho II of Portugal.<\/p>\n<p style=\"text-align: justify;\">\n<p>[\/et_pb_text][et_pb_audio audio=&#8221;https:\/\/cld.pt\/dl\/download\/20dcd501-ebea-4100-b418-d14bd4bbc979\/071DUE_1.mp3&#8243; title=&#8221;1\u00ba Dueto &#8211; Andantino&#8221; artist_name=&#8221;Avondano Ensemble&#8221; _builder_version=&#8221;3.18.7&#8243; background_color=&#8221;#b8babf&#8221;]<\/p>\n<p>[\/et_pb_audio][\/et_pb_column][et_pb_column type=&#8221;1_2&#8243;][et_pb_image src=&#8221;https:\/\/carmosresidence.com\/wp-content\/uploads\/2019\/01\/regiaohistoriaV1.jpg&#8221; _builder_version=&#8221;3.18.7&#8243;]<\/p>\n<p>[\/et_pb_image][\/et_pb_column][\/et_pb_row][\/et_pb_section][et_pb_section bb_built=&#8221;1&#8243; disabled_on=&#8221;off|off|on&#8221; _builder_version=&#8221;3.18.7&#8243; custom_padding=&#8221;0|0px|0|0px|false|false&#8221; prev_background_color=&#8221;#000000&#8243; next_background_color=&#8221;#000000&#8243;][et_pb_row custom_padding=&#8221;27px|0px|3px|0px|false|false&#8221; _builder_version=&#8221;3.0.48&#8243; background_size=&#8221;initial&#8221; background_position=&#8221;top_left&#8221; background_repeat=&#8221;repeat&#8221;][et_pb_column type=&#8221;1_2&#8243;][et_pb_image src=&#8221;https:\/\/carmosresidence.com\/wp-content\/uploads\/2019\/01\/regiaohistoriaV1.jpg&#8221; _builder_version=&#8221;3.18.7&#8243;]<\/p>\n<p>[\/et_pb_image][\/et_pb_column][et_pb_column type=&#8221;1_2&#8243;][et_pb_text _builder_version=&#8221;3.18.7&#8243; text_font_size=&#8221;15px&#8221; text_font_size_phone=&#8221;14px&#8221; text_font_size_last_edited=&#8221;on|phone&#8221; text_line_height=&#8221;1.5em&#8221; ul_line_height=&#8221;2em&#8221; header_font=&#8221;||||||||&#8221; header_3_font=&#8221;Raleway|700|||||||&#8221; header_3_font_size=&#8221;32px&#8221; header_3_font_size_tablet=&#8221;35px&#8221; header_3_font_size_phone=&#8221;25px&#8221; header_3_font_size_last_edited=&#8221;on|phone&#8221; header_3_letter_spacing=&#8221;1px&#8221; header_3_line_height=&#8221;1.4em&#8221; header_5_text_color=&#8221;#939599&#8243; header_5_font_size=&#8221;12px&#8221; header_5_line_height=&#8221;1.2em&#8221; custom_margin=&#8221;||&#8221; custom_padding=&#8221;||&#8221; inline_fonts=&#8221;Times New Roman&#8221;]<\/p>\n<h3 style=\"text-align: justify;\">Sesimbra<\/h3>\n<p style=\"text-align: justify;\">Sesimbra is a very old settlement located on the Nature Park of Arr\u00e1bida.<\/p>\n<p style=\"text-align: justify;\">Its occupation dates back to prehistoric times.<\/p>\n<p style=\"text-align: justify;\">It was conquered and reconquered, and only in 1199 did it receive free colonizers by the hand of King Sancho I of Portugal, who granted it a charter in 1201.<\/p>\n<p style=\"text-align: justify;\">During the 13th and 14th centuries, the fishing community settled close to the beach near the Ribeira de Sesimbra area.<\/p>\n<p style=\"text-align: justify;\">At the end of the 15th century, and first half of the 16th century, the riverside settlement developed as the main core, leaving behind the medieval village within the walls of the castle, a place that was progressively abandoned.<\/p>\n<p style=\"text-align: justify;\">Fishing, maritime trade and shipbuilding had a huge development alongside the urban growth.<\/p>\n<p style=\"text-align: justify;\">Sesimbra was integrated in the Military Order of Santiago territory in 1236, by King Sancho II of Portugal.<\/p>\n<p style=\"text-align: justify;\">\n<p>[\/et_pb_text][et_pb_audio audio=&#8221;http:\/\/www.josepocas.com\/wp-content\/uploads\/2017\/11\/Ensemble-William-Byrd-05-Stabat-mater-Stabat-mater-dolorosa.mp3&#8243; title=&#8221;Stabat Mater&#8221; artist_name=&#8221;Jo\u00e3o Rodrigues Esteves&#8221; _builder_version=&#8221;3.18.7&#8243; background_color=&#8221;#b8babf&#8221;]<\/p>\n<p>[\/et_pb_audio][\/et_pb_column][\/et_pb_row][\/et_pb_section][et_pb_section bb_built=&#8221;1&#8243; _builder_version=&#8221;3.0.47&#8243; custom_padding=&#8221;0|0px|54px|0px|false|false&#8221; prev_background_color=&#8221;#000000&#8243; next_background_color=&#8221;#000000&#8243;][et_pb_row use_custom_gutter=&#8221;on&#8221; gutter_width=&#8221;2&#8243; custom_padding=&#8221;52px|0px|27px|0px|false|false&#8221; _builder_version=&#8221;3.13&#8243;][et_pb_column type=&#8221;1_5&#8243;][et_pb_image src=&#8221;https:\/\/carmosresidence.com\/wp-content\/uploads\/2019\/01\/regiaohistoriaV3.jpg&#8221; show_in_lightbox=&#8221;on&#8221; use_overlay=&#8221;on&#8221; overlay_icon_color=&#8221;rgba(255,255,255,0.6)&#8221; hover_overlay_color=&#8221;rgba(0,0,0,0.2)&#8221; hover_icon=&#8221;%%52%%&#8221; _builder_version=&#8221;3.18.7&#8243;]<\/p>\n<p>[\/et_pb_image][\/et_pb_column][et_pb_column type=&#8221;1_5&#8243;][et_pb_image src=&#8221;https:\/\/carmosresidence.com\/wp-content\/uploads\/2019\/01\/regiaohistoriaV4.jpg&#8221; show_in_lightbox=&#8221;on&#8221; use_overlay=&#8221;on&#8221; overlay_icon_color=&#8221;rgba(255,255,255,0.6)&#8221; hover_overlay_color=&#8221;rgba(0,0,0,0.2)&#8221; hover_icon=&#8221;%%52%%&#8221; _builder_version=&#8221;3.18.7&#8243;]<\/p>\n<p>[\/et_pb_image][\/et_pb_column][et_pb_column type=&#8221;1_5&#8243;][et_pb_image src=&#8221;https:\/\/carmosresidence.com\/wp-content\/uploads\/2019\/01\/regiaohistoriaV5.jpg&#8221; show_in_lightbox=&#8221;on&#8221; use_overlay=&#8221;on&#8221; overlay_icon_color=&#8221;rgba(255,255,255,0.6)&#8221; hover_overlay_color=&#8221;rgba(0,0,0,0.2)&#8221; hover_icon=&#8221;%%52%%&#8221; _builder_version=&#8221;3.18.7&#8243;]<\/p>\n<p>[\/et_pb_image][\/et_pb_column][et_pb_column type=&#8221;1_5&#8243;][et_pb_image src=&#8221;https:\/\/carmosresidence.com\/wp-content\/uploads\/2019\/01\/regiaohistoriaV6.jpg&#8221; show_in_lightbox=&#8221;on&#8221; use_overlay=&#8221;on&#8221; overlay_icon_color=&#8221;rgba(255,255,255,0.6)&#8221; hover_overlay_color=&#8221;rgba(0,0,0,0.2)&#8221; hover_icon=&#8221;%%52%%&#8221; _builder_version=&#8221;3.18.7&#8243;]<\/p>\n<p>[\/et_pb_image][\/et_pb_column][et_pb_column type=&#8221;1_5&#8243;][et_pb_image src=&#8221;https:\/\/carmosresidence.com\/wp-content\/uploads\/2019\/01\/regiaohistoriaV7.jpg&#8221; show_in_lightbox=&#8221;on&#8221; use_overlay=&#8221;on&#8221; overlay_icon_color=&#8221;rgba(255,255,255,0.6)&#8221; hover_overlay_color=&#8221;rgba(0,0,0,0.2)&#8221; hover_icon=&#8221;%%52%%&#8221; _builder_version=&#8221;3.18.7&#8243;]<\/p>\n<p>[\/et_pb_image][\/et_pb_column][\/et_pb_row][\/et_pb_section][et_pb_section bb_built=&#8221;1&#8243; fullwidth=&#8221;on&#8221; _builder_version=&#8221;3.13&#8243; prev_background_color=&#8221;#000000&#8243; next_background_color=&#8221;#000000&#8243;][et_pb_fullwidth_image src=&#8221;https:\/\/carmosresidence.com\/wp-content\/uploads\/2019\/01\/regiaohistoriaH1.jpg&#8221; _builder_version=&#8221;3.18.7&#8243;]<\/p>\n<p>[\/et_pb_fullwidth_image][\/et_pb_section][et_pb_section bb_built=&#8221;1&#8243; _builder_version=&#8221;3.0.47&#8243; custom_padding=&#8221;40px|0px|0|0px|false|false&#8221; prev_background_color=&#8221;#000000&#8243; next_background_color=&#8221;#000000&#8243;][et_pb_row use_custom_gutter=&#8221;on&#8221; gutter_width=&#8221;2&#8243; _builder_version=&#8221;3.18.7&#8243; background_size=&#8221;initial&#8221; background_position=&#8221;top_left&#8221; background_repeat=&#8221;repeat&#8221;][et_pb_column type=&#8221;1_4&#8243;][et_pb_image src=&#8221;https:\/\/carmosresidence.com\/wp-content\/uploads\/2019\/01\/rh_h1.jpg&#8221; show_in_lightbox=&#8221;on&#8221; use_overlay=&#8221;on&#8221; overlay_icon_color=&#8221;rgba(255,255,255,0.6)&#8221; hover_overlay_color=&#8221;rgba(0,0,0,0.2)&#8221; hover_icon=&#8221;%%52%%&#8221; _builder_version=&#8221;3.18.7&#8243;]<\/p>\n<p>[\/et_pb_image][\/et_pb_column][et_pb_column type=&#8221;1_4&#8243;][et_pb_image src=&#8221;https:\/\/carmosresidence.com\/wp-content\/uploads\/2019\/01\/rh_h2.jpg&#8221; show_in_lightbox=&#8221;on&#8221; use_overlay=&#8221;on&#8221; overlay_icon_color=&#8221;rgba(255,255,255,0.6)&#8221; hover_overlay_color=&#8221;rgba(0,0,0,0.2)&#8221; hover_icon=&#8221;%%52%%&#8221; _builder_version=&#8221;3.18.7&#8243;]<\/p>\n<p>[\/et_pb_image][\/et_pb_column][et_pb_column type=&#8221;1_4&#8243;][et_pb_image src=&#8221;https:\/\/carmosresidence.com\/wp-content\/uploads\/2019\/01\/rh_h3.jpg&#8221; show_in_lightbox=&#8221;on&#8221; use_overlay=&#8221;on&#8221; overlay_icon_color=&#8221;rgba(255,255,255,0.6)&#8221; hover_overlay_color=&#8221;rgba(0,0,0,0.2)&#8221; hover_icon=&#8221;%%52%%&#8221; _builder_version=&#8221;3.18.7&#8243;]<\/p>\n<p>[\/et_pb_image][\/et_pb_column][et_pb_column type=&#8221;1_4&#8243;][et_pb_image src=&#8221;https:\/\/carmosresidence.com\/wp-content\/uploads\/2019\/01\/rh_h4.jpg&#8221; show_in_lightbox=&#8221;on&#8221; use_overlay=&#8221;on&#8221; overlay_icon_color=&#8221;rgba(255,255,255,0.6)&#8221; hover_overlay_color=&#8221;rgba(0,0,0,0.2)&#8221; hover_icon=&#8221;%%52%%&#8221; _builder_version=&#8221;3.18.7&#8243;]<\/p>\n<p>[\/et_pb_image][\/et_pb_column][\/et_pb_row][\/et_pb_section][et_pb_section bb_built=&#8221;1&#8243; _builder_version=&#8221;3.18.7&#8243; custom_padding=&#8221;23px|0px|16px|0px|false|false&#8221; prev_background_color=&#8221;#000000&#8243; next_background_color=&#8221;#000000&#8243; global_module=&#8221;1708&#8243;][et_pb_row global_parent=&#8221;1708&#8243; _builder_version=&#8221;3.0.48&#8243; background_size=&#8221;initial&#8221; background_position=&#8221;top_left&#8221; background_repeat=&#8221;repeat&#8221; custom_padding=&#8221;0|0px|27px|0px|false|false&#8221;][et_pb_column type=&#8221;4_4&#8243;][et_pb_text global_parent=&#8221;1708&#8243; _builder_version=&#8221;3.18.7&#8243; text_font=&#8221;Raleway|300|||||||&#8221; text_font_size=&#8221;12px&#8221; text_letter_spacing=&#8221;2px&#8221; custom_margin=&#8221;||6px&#8221; custom_padding=&#8221;||6px&#8221;]<\/p>\n<p style=\"text-align: center;\">Follow us:<\/p>\n<p>[\/et_pb_text][et_pb_social_media_follow global_parent=&#8221;1708&#8243; _builder_version=&#8221;3.18.7&#8243; border_radii=&#8221;on|100px|100px|100px|100px&#8221; text_orientation=&#8221;center&#8221;][et_pb_social_media_follow_network social_network=&#8221;facebook&#8221; _builder_version=&#8221;3.18.7&#8243; background_color=&#8221;#b2b9c4&#8243; custom_margin=&#8221;4px|4px|4px|4px|true|true&#8221; custom_padding=&#8221;6px|6px|6px|6px|true|true&#8221; follow_button=&#8221;off&#8221; url_new_window=&#8221;on&#8221; skype_action=&#8221;call&#8221; url=&#8221;https:\/\/www.facebook.com\/Carmos-Residence-Art-Apartments-303051527064317&#8243; use_background_color_gradient=&#8221;off&#8221; background_color_gradient_start=&#8221;#2b87da&#8221; background_color_gradient_end=&#8221;#29c4a9&#8243; background_color_gradient_type=&#8221;linear&#8221; background_color_gradient_direction=&#8221;180deg&#8221; background_color_gradient_direction_radial=&#8221;center&#8221; background_color_gradient_start_position=&#8221;0%&#8221; background_color_gradient_end_position=&#8221;100%&#8221; background_color_gradient_overlays_image=&#8221;off&#8221; parallax=&#8221;off&#8221; parallax_method=&#8221;on&#8221; background_size=&#8221;cover&#8221; background_position=&#8221;center&#8221; background_repeat=&#8221;no-repeat&#8221; background_blend=&#8221;normal&#8221; allow_player_pause=&#8221;off&#8221; background_video_pause_outside_viewport=&#8221;on&#8221; custom_margin_tablet=&#8221;4px|4px|4px|4px|true|true&#8221; custom_margin_phone=&#8221;4px|4px|4px|4px|true|true&#8221; custom_padding_tablet=&#8221;6px|6px|6px|6px|true|true&#8221; custom_padding_phone=&#8221;6px|6px|6px|6px|true|true&#8221; border_radii=&#8221;on|3px|3px|3px|3px&#8221; box_shadow_style=&#8221;none&#8221; hover_transition_duration=&#8221;300ms&#8221; hover_transition_delay=&#8221;0ms&#8221; hover_transition_speed_curve=&#8221;ease&#8221;]<\/p>\n<p>facebook<\/p>\n<p>[\/et_pb_social_media_follow_network][et_pb_social_media_follow_network social_network=&#8221;instagram&#8221; _builder_version=&#8221;3.18.7&#8243; background_color=&#8221;#b2b9c4&#8243; custom_margin=&#8221;4px|4px|4px|4px|true|true&#8221; custom_padding=&#8221;6px|6px|6px|6px|true|true&#8221; follow_button=&#8221;off&#8221; url_new_window=&#8221;on&#8221;]<\/p>\n<p>instagram<\/p>\n<p>[\/et_pb_social_media_follow_network][et_pb_social_media_follow_network social_network=&#8221;twitter&#8221; _builder_version=&#8221;3.18.7&#8243; background_color=&#8221;#b2b9c4&#8243; custom_margin=&#8221;4px|4px|4px|4px|true|true&#8221; custom_padding=&#8221;6px|6px|6px|6px|true|true&#8221; follow_button=&#8221;off&#8221; url_new_window=&#8221;on&#8221; skype_action=&#8221;call&#8221; url=&#8221;https:\/\/twitter.com\/carmo_art&#8221; use_background_color_gradient=&#8221;off&#8221; background_color_gradient_start=&#8221;#2b87da&#8221; background_color_gradient_end=&#8221;#29c4a9&#8243; background_color_gradient_type=&#8221;linear&#8221; background_color_gradient_direction=&#8221;180deg&#8221; background_color_gradient_direction_radial=&#8221;center&#8221; background_color_gradient_start_position=&#8221;0%&#8221; background_color_gradient_end_position=&#8221;100%&#8221; background_color_gradient_overlays_image=&#8221;off&#8221; parallax=&#8221;off&#8221; parallax_method=&#8221;on&#8221; background_size=&#8221;cover&#8221; background_position=&#8221;center&#8221; background_repeat=&#8221;no-repeat&#8221; background_blend=&#8221;normal&#8221; allow_player_pause=&#8221;off&#8221; background_video_pause_outside_viewport=&#8221;on&#8221; custom_margin_tablet=&#8221;4px|4px|4px|4px|true|true&#8221; custom_margin_phone=&#8221;4px|4px|4px|4px|true|true&#8221; custom_padding_tablet=&#8221;6px|6px|6px|6px|true|true&#8221; custom_padding_phone=&#8221;6px|6px|6px|6px|true|true&#8221; border_radii=&#8221;on|3px|3px|3px|3px&#8221; box_shadow_style=&#8221;none&#8221; hover_transition_duration=&#8221;300ms&#8221; hover_transition_delay=&#8221;0ms&#8221; hover_transition_speed_curve=&#8221;ease&#8221;]<\/p>\n<p>twitter<\/p>\n<p>[\/et_pb_social_media_follow_network][et_pb_social_media_follow_network social_network=&#8221;youtube&#8221; _builder_version=&#8221;3.18.7&#8243; background_color=&#8221;#b2b9c4&#8243; custom_margin=&#8221;4px|4px|4px|4px|true|true&#8221; custom_padding=&#8221;6px|6px|6px|6px|true|true&#8221; follow_button=&#8221;off&#8221; url_new_window=&#8221;on&#8221;]<\/p>\n<p>youtube<\/p>\n<p>[\/et_pb_social_media_follow_network][\/et_pb_social_media_follow][\/et_pb_column][\/et_pb_row][\/et_pb_section][et_pb_section bb_built=&#8221;1&#8243; admin_label=&#8221;barra baixo pt&#8221; _builder_version=&#8221;3.18.7&#8243; background_image=&#8221;https:\/\/carmosresidence.com\/wp-content\/uploads\/2019\/01\/estudafoot1.jpg&#8221; custom_padding=&#8221;0|0px|0|0px|false|false&#8221; collapsed=&#8221;off&#8221; prev_background_color=&#8221;#ffffff&#8221; global_module=&#8221;1443&#8243;][et_pb_row global_parent=&#8221;1443&#8243; _builder_version=&#8221;3.0.48&#8243; background_size=&#8221;initial&#8221; background_position=&#8221;top_left&#8221; background_repeat=&#8221;repeat&#8221;][et_pb_column type=&#8221;1_4&#8243;][et_pb_image global_parent=&#8221;1443&#8243; src=&#8221;https:\/\/carmosresidence.com\/wp-content\/uploads\/2019\/01\/logofoot2.png&#8221; _builder_version=&#8221;3.18.7&#8243; \/][\/et_pb_column][et_pb_column type=&#8221;1_4&#8243;][et_pb_text global_parent=&#8221;1443&#8243; _builder_version=&#8221;3.18.7&#8243; text_font=&#8221;Raleway||||||||&#8221; text_text_color=&#8221;#ffffff&#8221; text_line_height=&#8221;1.4em&#8221; custom_margin=&#8221;16px||&#8221;]<\/p>\n<p><strong>Adress:<\/strong><br \/>Rua \u00c1lvaro Castel\u00f5es, 49 &#8211; 1\u00ba e 2\u00ba<br \/>2900-215 Set\u00fabal<br \/><strong>Phone:<\/strong>\u00a0(+351) 962 634 118<br \/><strong>E-mail: <span style=\"color: #e09900;\"><a style=\"color: #e09900;\" href=\"mailto:ipeixoto@ohmyguest.pt\">ipeixoto@ohmyguest.pt<\/a><\/span><\/strong><\/p>\n<p>[\/et_pb_text][\/et_pb_column][et_pb_column type=&#8221;1_4&#8243;][et_pb_text admin_label=&#8221;Language Switcher&#8221; global_parent=&#8221;1443&#8243; _builder_version=&#8221;3.18.7&#8243;]<\/p>\n<div id=\"iv-widget-languages\"><\/div>\n<script>\njQuery(function($){\n    $(document).ready(function(){\n        console.log('ready');\n        $('.iv-languages ul').clone().appendTo('#iv-widget-languages');\n    });\n});\n<\/script>\n<p>[\/et_pb_text][et_pb_text global_parent=&#8221;1443&#8243; _builder_version=&#8221;3.18.7&#8243; text_font=&#8221;||||||||&#8221; text_line_height=&#8221;1.4em&#8221;]<\/p>\n<p><a href=\"https:\/\/carmosresidence.com\/en\/identity\/#booking\"><strong><span style=\"color: #e09900;\">Booking<\/span><\/strong><\/a><br \/>\n<a href=\"https:\/\/cld.pt\/dl\/download\/01ed3879-f6ed-452a-a296-deccb8f42fc9\/Livro_de_Acolhimento.pdf\" target=\"_blank\" rel=\"noopener\"><strong><span style=\"color: #e09900;\">Home Rules<\/span><\/strong><\/a><\/p>\n<p>[\/et_pb_text][\/et_pb_column][et_pb_column type=&#8221;1_4&#8243;][et_pb_text global_parent=&#8221;1443&#8243; _builder_version=&#8221;3.18.7&#8243;]<\/p>\n<p><strong><span style=\"color: #e09900;\">Google Translate<\/span><\/strong><br \/>\n<div id=\"google_translate_element\"><\/div><script type=\"text\/javascript\">\nfunction googleTranslateElementInit() {\n  new google.translate.TranslateElement({pageLanguage: 'en', layout: google.translate.TranslateElement.InlineLayout.SIMPLE}, 'google_translate_element');\n}\n<\/script><script type=\"text\/javascript\" src=\"\/\/translate.google.com\/translate_a\/element.js?cb=googleTranslateElementInit\"><\/script>\n<\/p>\n<p><strong><span style=\"color: #e09900;\"><a style=\"color: #e09900;\" href=\"https:\/\/carmosresidence.com\/en\/privacy-policy\/\">Privacy Policy<\/a><\/span><\/strong><\/p>\n<p>[\/et_pb_text][\/et_pb_column][\/et_pb_row][\/et_pb_section]<\/p>\n","protected":false},"excerpt":{"rendered":"<p>The Region Palmela \/ Azeit\u00e3o \/ Troia \/ Sesimbra The History The History Palmela The human occupation of the Palmela region dates back to olden days. Data confirmed by archology revealed traces to the Palaeolithic period and to Roman, Islamic and medieval times. The history of the village is closely linked to the history of [&hellip;]<\/p>\n","protected":false},"author":1,"featured_media":3388,"parent":908,"menu_order":0,"comment_status":"closed","ping_status":"closed","template":"","meta":{"_et_pb_use_builder":"on","_et_pb_old_content":"","_et_gb_content_width":""},"_links":{"self":[{"href":"https:\/\/carmosresidence.com\/en\/wp-json\/wp\/v2\/pages\/923"}],"collection":[{"href":"https:\/\/carmosresidence.com\/en\/wp-json\/wp\/v2\/pages"}],"about":[{"href":"https:\/\/carmosresidence.com\/en\/wp-json\/wp\/v2\/types\/page"}],"author":[{"embeddable":true,"href":"https:\/\/carmosresidence.com\/en\/wp-json\/wp\/v2\/users\/1"}],"replies":[{"embeddable":true,"href":"https:\/\/carmosresidence.com\/en\/wp-json\/wp\/v2\/comments?post=923"}],"version-history":[{"count":18,"href":"https:\/\/carmosresidence.com\/en\/wp-json\/wp\/v2\/pages\/923\/revisions"}],"predecessor-version":[{"id":5997,"href":"https:\/\/carmosresidence.com\/en\/wp-json\/wp\/v2\/pages\/923\/revisions\/5997"}],"up":[{"embeddable":true,"href":"https:\/\/carmosresidence.com\/en\/wp-json\/wp\/v2\/pages\/908"}],"wp:featuredmedia":[{"embeddable":true,"href":"https:\/\/carmosresidence.com\/en\/wp-json\/wp\/v2\/media\/3388"}],"wp:attachment":[{"href":"https:\/\/carmosresidence.com\/en\/wp-json\/wp\/v2\/media?parent=923"}],"curies":[{"name":"wp","href":"https:\/\/api.w.org\/{rel}","templated":true}]}}